{"id":1990,"date":"2022-06-30T09:55:56","date_gmt":"2022-06-30T09:55:56","guid":{"rendered":"https:\/\/www.abrazivfeed.hu\/?page_id=1990"},"modified":"2022-07-06T10:05:42","modified_gmt":"2022-07-06T10:05:42","slug":"news-list","status":"publish","type":"page","link":"http:\/\/www.abrazivfeed.hu\/hu\/hirek\/","title":{"rendered":"News list"},"content":{"rendered":"<div data-elementor-type=\"wp-page\" data-elementor-id=\"1990\" class=\"elementor elementor-1990\" data-elementor-post-type=\"page\">\n\t\t\t\t\t\t<section class=\"elementor-section elementor-top-section elementor-element elementor-element-71d5b7b elementor-section-height-min-height elementor-section-boxed elementor-section-height-default elementor-section-items-middle\" data-id=\"71d5b7b\" data-element_type=\"section\" data-settings=\"{&quot;background_background&quot;:&quot;classic&quot;,&quot;jet_parallax_layout_list&quot;:[]}\">\n\t\t\t\t\t\t<div class=\"elementor-container elementor-column-gap-default\">\n\t\t\t\t\t<div class=\"elementor-column elementor-col-100 elementor-top-column elementor-element elementor-element-b9354f8\" data-id=\"b9354f8\" data-element_type=\"column\">\n\t\t\t<div class=\"elementor-widget-wrap elementor-element-populated\">\n\t\t\t\t\t\t<div class=\"elementor-element elementor-element-67cab4f elementor-widget elementor-widget-heading\" data-id=\"67cab4f\" data-element_type=\"widget\" data-widget_type=\"heading.default\">\n\t\t\t\t<div class=\"elementor-widget-container\">\n\t\t\t<h1 class=\"elementor-heading-title elementor-size-default\">H\u00edrek<\/h1>\t\t<\/div>\n\t\t\t\t<\/div>\n\t\t\t\t\t<\/div>\n\t\t<\/div>\n\t\t\t\t\t<\/div>\n\t\t<\/section>\n\t\t\t\t<section class=\"elementor-section elementor-top-section elementor-element elementor-element-df735c8 elementor-section-boxed elementor-section-height-default elementor-section-height-default\" data-id=\"df735c8\" data-element_type=\"section\" data-settings=\"{&quot;background_background&quot;:&quot;classic&quot;,&quot;jet_parallax_layout_list&quot;:[]}\">\n\t\t\t\t\t\t<div class=\"elementor-container elementor-column-gap-default\">\n\t\t\t\t\t<div class=\"elementor-column elementor-col-100 elementor-top-column elementor-element elementor-element-66bdc5b\" data-id=\"66bdc5b\" data-element_type=\"column\">\n\t\t\t<div class=\"elementor-widget-wrap elementor-element-populated\">\n\t\t\t\t\t\t<div class=\"elementor-element elementor-element-cffff56 elementor-widget elementor-widget-heading\" data-id=\"cffff56\" data-element_type=\"widget\" data-widget_type=\"heading.default\">\n\t\t\t\t<div class=\"elementor-widget-container\">\n\t\t\t<h2 class=\"elementor-heading-title elementor-size-default\">Friss h\u00edreink<\/h2>\t\t<\/div>\n\t\t\t\t<\/div>\n\t\t\t\t<div class=\"elementor-element elementor-element-bb9d3dc elementor-grid-3 elementor-grid-tablet-2 elementor-grid-mobile-1 elementor-posts--thumbnail-top elementor-card-shadow-yes elementor-posts__hover-gradient elementor-widget elementor-widget-posts\" data-id=\"bb9d3dc\" data-element_type=\"widget\" data-settings=\"{&quot;cards_columns&quot;:&quot;3&quot;,&quot;cards_columns_tablet&quot;:&quot;2&quot;,&quot;cards_columns_mobile&quot;:&quot;1&quot;,&quot;cards_row_gap&quot;:{&quot;unit&quot;:&quot;px&quot;,&quot;size&quot;:35,&quot;sizes&quot;:[]},&quot;cards_row_gap_laptop&quot;:{&quot;unit&quot;:&quot;px&quot;,&quot;size&quot;:&quot;&quot;,&quot;sizes&quot;:[]},&quot;cards_row_gap_tablet&quot;:{&quot;unit&quot;:&quot;px&quot;,&quot;size&quot;:&quot;&quot;,&quot;sizes&quot;:[]},&quot;cards_row_gap_mobile&quot;:{&quot;unit&quot;:&quot;px&quot;,&quot;size&quot;:&quot;&quot;,&quot;sizes&quot;:[]}}\" data-widget_type=\"posts.cards\">\n\t\t\t\t<div class=\"elementor-widget-container\">\n\t\t\t\t\t<div class=\"elementor-posts-container elementor-posts elementor-posts--skin-cards elementor-grid\">\n\t\t\t\t<article class=\"elementor-post elementor-grid-item post-4235 post type-post status-publish format-standard has-post-thumbnail hentry category-news-feed\">\n\t\t\t<div class=\"elementor-post__card\">\n\t\t\t\t<a class=\"elementor-post__thumbnail__link\" href=\"http:\/\/www.abrazivfeed.hu\/hu\/hirek-takarmany\/we-participated-in-eurotier-2024\/\" tabindex=\"-1\" ><div class=\"elementor-post__thumbnail\"><img fetchpriority=\"high\" decoding=\"async\" width=\"768\" height=\"512\" src=\"https:\/\/www.abrazivfeed.hu\/wp-content\/uploads\/2025\/01\/social-768x512.jpg\" class=\"attachment-medium_large size-medium_large wp-image-4236\" alt=\"\" srcset=\"https:\/\/www.abrazivfeed.hu\/wp-content\/uploads\/2025\/01\/social-768x512.jpg 768w, https:\/\/www.abrazivfeed.hu\/wp-content\/uploads\/2025\/01\/social-300x200.jpg 300w, https:\/\/www.abrazivfeed.hu\/wp-content\/uploads\/2025\/01\/social-1024x683.jpg 1024w, https:\/\/www.abrazivfeed.hu\/wp-content\/uploads\/2025\/01\/social-1536x1024.jpg 1536w, https:\/\/www.abrazivfeed.hu\/wp-content\/uploads\/2025\/01\/social-18x12.jpg 18w, https:\/\/www.abrazivfeed.hu\/wp-content\/uploads\/2025\/01\/social.jpg 2048w\" sizes=\"(max-width: 768px) 100vw, 768px\" \/><\/div><\/a>\n\t\t\t\t<div class=\"elementor-post__text\">\n\t\t\t\t<h3 class=\"elementor-post__title\">\n\t\t\t<a href=\"http:\/\/www.abrazivfeed.hu\/hu\/hirek-takarmany\/we-participated-in-eurotier-2024\/\" >\n\t\t\t\tR\u00e9szt vett\u00fcnk az EuroTier 2024-en!\t\t\t<\/a>\n\t\t<\/h3>\n\t\t\t\t<div class=\"elementor-post__excerpt\">\n\t\t\t<p>\u00d6r\u00f6m\u00fcnkre szolg\u00e1l, hogy 2024-ben ism\u00e9t ki\u00e1ll\u00edt\u00f3k\u00e9nt vehett\u00fcnk r\u00e9szt az EuroTier 2024 szakmai ki\u00e1ll\u00edt\u00e1son Hannoverben, a vil\u00e1g vezet\u0151 szakki\u00e1ll\u00edt\u00e1s\u00e1n a professzion\u00e1lis \u00e1llatteny\u00e9szt\u00e9s \u00e9s \u00e1llattart\u00e1s ter\u00fclet\u00e9n.<\/p>\n\t\t<\/div>\n\t\t\n\t\t<a class=\"elementor-post__read-more\" href=\"http:\/\/www.abrazivfeed.hu\/hu\/hirek-takarmany\/we-participated-in-eurotier-2024\/\" aria-label=\"Read more about We Participated in EuroTier 2024!\" tabindex=\"-1\" >\n\t\t\tTov\u00e1bbi r\u00e9szletek \u00bb\t\t<\/a>\n\n\t\t\t\t<\/div>\n\t\t\t\t\t<\/div>\n\t\t<\/article>\n\t\t\t\t<article class=\"elementor-post elementor-grid-item post-4145 post type-post status-publish format-standard has-post-thumbnail hentry category-news-feed\">\n\t\t\t<div class=\"elementor-post__card\">\n\t\t\t\t<a class=\"elementor-post__thumbnail__link\" href=\"http:\/\/www.abrazivfeed.hu\/hu\/hirek-takarmany\/hello-jovo-kozep-europa-legmodernebb-takarmanyuzemet-avattak-dabason\/\" tabindex=\"-1\" ><div class=\"elementor-post__thumbnail\"><img decoding=\"async\" width=\"768\" height=\"512\" src=\"https:\/\/www.abrazivfeed.hu\/wp-content\/uploads\/2023\/09\/DSC07950-masolat-768x512.jpg\" class=\"attachment-medium_large size-medium_large wp-image-4146\" alt=\"\" srcset=\"https:\/\/www.abrazivfeed.hu\/wp-content\/uploads\/2023\/09\/DSC07950-masolat-768x512.jpg 768w, https:\/\/www.abrazivfeed.hu\/wp-content\/uploads\/2023\/09\/DSC07950-masolat-300x200.jpg 300w, https:\/\/www.abrazivfeed.hu\/wp-content\/uploads\/2023\/09\/DSC07950-masolat-1024x683.jpg 1024w, https:\/\/www.abrazivfeed.hu\/wp-content\/uploads\/2023\/09\/DSC07950-masolat-1536x1024.jpg 1536w, https:\/\/www.abrazivfeed.hu\/wp-content\/uploads\/2023\/09\/DSC07950-masolat-2048x1365.jpg 2048w, https:\/\/www.abrazivfeed.hu\/wp-content\/uploads\/2023\/09\/DSC07950-masolat-18x12.jpg 18w\" sizes=\"(max-width: 768px) 100vw, 768px\" \/><\/div><\/a>\n\t\t\t\t<div class=\"elementor-post__text\">\n\t\t\t\t<h3 class=\"elementor-post__title\">\n\t\t\t<a href=\"http:\/\/www.abrazivfeed.hu\/hu\/hirek-takarmany\/hello-jovo-kozep-europa-legmodernebb-takarmanyuzemet-avattak-dabason\/\" >\n\t\t\t\tHELL\u00d3 J\u00d6V\u0150! K\u00f6z\u00e9p-Eur\u00f3pa legmodernebb takarm\u00e1ny\u00fczem\u00e9t avatt\u00e1k Dabason\t\t\t<\/a>\n\t\t<\/h3>\n\t\t\t\t<div class=\"elementor-post__excerpt\">\n\t\t\t<p>2023. szeptember 26-\u00e1n \u00e9s 27-\u00e9n \u00fcnnep\u00e9lyes keretek k\u00f6z\u00f6tt felavatt\u00e1k Dabason a k\u00f6zel 45 \u00e9ves Vitafort Els\u0151 Takarm\u00e1nygy\u00e1rt\u00f3 \u00e9s Forgalmaz\u00f3 Zrt.  Magyarorsz\u00e1gon egyed\u00fcl\u00e1ll\u00f3, ultramodern takarm\u00e1ny\u00fczem\u00e9t, melynek tervez\u0151je \u00e9s gener\u00e1lkivitelez\u0151je az ABRAZIV Kft.<\/p>\n\t\t<\/div>\n\t\t\n\t\t<a class=\"elementor-post__read-more\" href=\"http:\/\/www.abrazivfeed.hu\/hu\/hirek-takarmany\/hello-jovo-kozep-europa-legmodernebb-takarmanyuzemet-avattak-dabason\/\" aria-label=\"Read more about HELLO FUTURE! Central Europe&#8217;s most modern feed mill opened in Dabas\" tabindex=\"-1\" >\n\t\t\tTov\u00e1bbi r\u00e9szletek \u00bb\t\t<\/a>\n\n\t\t\t\t<\/div>\n\t\t\t\t\t<\/div>\n\t\t<\/article>\n\t\t\t\t<article class=\"elementor-post elementor-grid-item post-4095 post type-post status-publish format-standard has-post-thumbnail hentry category-news-feed\">\n\t\t\t<div class=\"elementor-post__card\">\n\t\t\t\t<a class=\"elementor-post__thumbnail__link\" href=\"http:\/\/www.abrazivfeed.hu\/hu\/hirek-takarmany\/members-of-our-service-team-attended-a-training-course-in-the-netherlands\/\" tabindex=\"-1\" ><div class=\"elementor-post__thumbnail\"><img decoding=\"async\" width=\"768\" height=\"512\" src=\"https:\/\/www.abrazivfeed.hu\/wp-content\/uploads\/2023\/06\/1-masolat2-768x512.jpg\" class=\"attachment-medium_large size-medium_large wp-image-4098\" alt=\"\" srcset=\"https:\/\/www.abrazivfeed.hu\/wp-content\/uploads\/2023\/06\/1-masolat2-768x512.jpg 768w, https:\/\/www.abrazivfeed.hu\/wp-content\/uploads\/2023\/06\/1-masolat2-300x200.jpg 300w, https:\/\/www.abrazivfeed.hu\/wp-content\/uploads\/2023\/06\/1-masolat2-1024x683.jpg 1024w, https:\/\/www.abrazivfeed.hu\/wp-content\/uploads\/2023\/06\/1-masolat2-1536x1024.jpg 1536w, https:\/\/www.abrazivfeed.hu\/wp-content\/uploads\/2023\/06\/1-masolat2-18x12.jpg 18w, https:\/\/www.abrazivfeed.hu\/wp-content\/uploads\/2023\/06\/1-masolat2.jpg 2048w\" sizes=\"(max-width: 768px) 100vw, 768px\" \/><\/div><\/a>\n\t\t\t\t<div class=\"elementor-post__text\">\n\t\t\t\t<h3 class=\"elementor-post__title\">\n\t\t\t<a href=\"http:\/\/www.abrazivfeed.hu\/hu\/hirek-takarmany\/members-of-our-service-team-attended-a-training-course-in-the-netherlands\/\" >\n\t\t\t\tSzerviz csapatunk tagjai tr\u00e9ningen vettek r\u00e9szt Hollandi\u00e1ban\t\t\t<\/a>\n\t\t<\/h3>\n\t\t\t\t<div class=\"elementor-post__excerpt\">\n\t\t\t<p>M\u00e1jus v\u00e9g\u00e9n tr\u00e9ningen vettek r\u00e9szt koll\u00e9g\u00e1ink Hollandi\u00e1ban a KSE-n\u00e9l, a takarm\u00e1nyipari adagol\u00f3- \u00e9s m\u00e9r\u0151 rendszerekre, valamint intelligens...<\/p>\n\t\t<\/div>\n\t\t\n\t\t<a class=\"elementor-post__read-more\" href=\"http:\/\/www.abrazivfeed.hu\/hu\/hirek-takarmany\/members-of-our-service-team-attended-a-training-course-in-the-netherlands\/\" aria-label=\"Read more about Members of our service team attended a training course in the Netherlands\" tabindex=\"-1\" >\n\t\t\tTov\u00e1bbi r\u00e9szletek \u00bb\t\t<\/a>\n\n\t\t\t\t<\/div>\n\t\t\t\t\t<\/div>\n\t\t<\/article>\n\t\t\t\t<article class=\"elementor-post elementor-grid-item post-4072 post type-post status-publish format-standard has-post-thumbnail hentry category-news-feed\">\n\t\t\t<div class=\"elementor-post__card\">\n\t\t\t\t<a class=\"elementor-post__thumbnail__link\" href=\"http:\/\/www.abrazivfeed.hu\/hu\/hirek-takarmany\/we-participated-in-90th-international-agricultural-fair-in-novi-sad\/\" tabindex=\"-1\" ><div class=\"elementor-post__thumbnail\"><img loading=\"lazy\" decoding=\"async\" width=\"768\" height=\"559\" src=\"https:\/\/www.abrazivfeed.hu\/wp-content\/uploads\/2023\/07\/Novi-Sad-05-22-2-768x559.jpg\" class=\"attachment-medium_large size-medium_large wp-image-4077\" alt=\"\" srcset=\"https:\/\/www.abrazivfeed.hu\/wp-content\/uploads\/2023\/07\/Novi-Sad-05-22-2-768x559.jpg 768w, https:\/\/www.abrazivfeed.hu\/wp-content\/uploads\/2023\/07\/Novi-Sad-05-22-2-300x218.jpg 300w, https:\/\/www.abrazivfeed.hu\/wp-content\/uploads\/2023\/07\/Novi-Sad-05-22-2-1024x745.jpg 1024w, https:\/\/www.abrazivfeed.hu\/wp-content\/uploads\/2023\/07\/Novi-Sad-05-22-2-1536x1118.jpg 1536w, https:\/\/www.abrazivfeed.hu\/wp-content\/uploads\/2023\/07\/Novi-Sad-05-22-2-16x12.jpg 16w, https:\/\/www.abrazivfeed.hu\/wp-content\/uploads\/2023\/07\/Novi-Sad-05-22-2.jpg 1586w\" sizes=\"(max-width: 768px) 100vw, 768px\" \/><\/div><\/a>\n\t\t\t\t<div class=\"elementor-post__text\">\n\t\t\t\t<h3 class=\"elementor-post__title\">\n\t\t\t<a href=\"http:\/\/www.abrazivfeed.hu\/hu\/hirek-takarmany\/we-participated-in-90th-international-agricultural-fair-in-novi-sad\/\" >\n\t\t\t\tR\u00e9szt vett\u00fcnk a a 90. \u00dajvid\u00e9ki Nemzetk\u00f6zi Mez\u0151gazdas\u00e1gi V\u00e1s\u00e1ron\t\t\t<\/a>\n\t\t<\/h3>\n\t\t\t\t<div class=\"elementor-post__excerpt\">\n\t\t\t<p>Az ABRAZIV Kft. ki\u00e1ll\u00edt\u00f3k\u00e9nt vett r\u00e9szt az idei \u00e9vben Szerbia legjelent\u0151sebb \u00e9lelmiszeripari \u00e9s mez\u0151gazdas\u00e1gi szakrendezv\u00e9ny\u00e9n, a 90. \u00dajvid\u00e9ki Nemzetk\u00f6zi Mez\u0151gazdas\u00e1gi V\u00e1s\u00e1ron, a CED k\u00f6zrem\u0171k\u00f6d\u00e9s\u00e9vel...<\/p>\n\t\t<\/div>\n\t\t\n\t\t<a class=\"elementor-post__read-more\" href=\"http:\/\/www.abrazivfeed.hu\/hu\/hirek-takarmany\/we-participated-in-90th-international-agricultural-fair-in-novi-sad\/\" aria-label=\"Read more about We participated in 90th International Agricultural Fair in Novi Sad\" tabindex=\"-1\" >\n\t\t\tTov\u00e1bbi r\u00e9szletek \u00bb\t\t<\/a>\n\n\t\t\t\t<\/div>\n\t\t\t\t\t<\/div>\n\t\t<\/article>\n\t\t\t\t<article class=\"elementor-post elementor-grid-item post-4044 post type-post status-publish format-standard has-post-thumbnail hentry category-news-feed\">\n\t\t\t<div class=\"elementor-post__card\">\n\t\t\t\t<a class=\"elementor-post__thumbnail__link\" href=\"http:\/\/www.abrazivfeed.hu\/hu\/hirek-takarmany\/the-publication-of-future-hungarian-multinational-2021-2022-has-been-released\/\" tabindex=\"-1\" ><div class=\"elementor-post__thumbnail\"><img loading=\"lazy\" decoding=\"async\" width=\"768\" height=\"544\" src=\"https:\/\/www.abrazivfeed.hu\/wp-content\/uploads\/2023\/07\/Ifka-768x544.jpg\" class=\"attachment-medium_large size-medium_large wp-image-4045\" alt=\"\" srcset=\"https:\/\/www.abrazivfeed.hu\/wp-content\/uploads\/2023\/07\/Ifka-768x544.jpg 768w, https:\/\/www.abrazivfeed.hu\/wp-content\/uploads\/2023\/07\/Ifka-300x213.jpg 300w, https:\/\/www.abrazivfeed.hu\/wp-content\/uploads\/2023\/07\/Ifka-1024x726.jpg 1024w, https:\/\/www.abrazivfeed.hu\/wp-content\/uploads\/2023\/07\/Ifka-1536x1088.jpg 1536w, https:\/\/www.abrazivfeed.hu\/wp-content\/uploads\/2023\/07\/Ifka-18x12.jpg 18w, https:\/\/www.abrazivfeed.hu\/wp-content\/uploads\/2023\/07\/Ifka.jpg 2048w\" sizes=\"(max-width: 768px) 100vw, 768px\" \/><\/div><\/a>\n\t\t\t\t<div class=\"elementor-post__text\">\n\t\t\t\t<h3 class=\"elementor-post__title\">\n\t\t\t<a href=\"http:\/\/www.abrazivfeed.hu\/hu\/hirek-takarmany\/the-publication-of-future-hungarian-multinational-2021-2022-has-been-released\/\" >\n\t\t\t\tMegjelent a Magyar Multi Program 2021-2022-es kiadv\u00e1nya\t\t\t<\/a>\n\t\t<\/h3>\n\t\t\t\t<div class=\"elementor-post__excerpt\">\n\t\t\t<p>Megjelent a Magyar Multi Program 2021-2022-es kiadv\u00e1nya az IFKA K\u00f6zhaszn\u00fa Nonprofit Kft. gondoz\u00e1s\u00e1ban, melyben \u00fcgyvezet\u0151ink...<\/p>\n\t\t<\/div>\n\t\t\n\t\t<a class=\"elementor-post__read-more\" href=\"http:\/\/www.abrazivfeed.hu\/hu\/hirek-takarmany\/the-publication-of-future-hungarian-multinational-2021-2022-has-been-released\/\" aria-label=\"Read more about The publication of Future Hungarian Multinational 2021-2022 has been released\" tabindex=\"-1\" >\n\t\t\tTov\u00e1bbi r\u00e9szletek \u00bb\t\t<\/a>\n\n\t\t\t\t<\/div>\n\t\t\t\t\t<\/div>\n\t\t<\/article>\n\t\t\t\t<article class=\"elementor-post elementor-grid-item post-4025 post type-post status-publish format-standard has-post-thumbnail hentry category-news-feed\">\n\t\t\t<div class=\"elementor-post__card\">\n\t\t\t\t<a class=\"elementor-post__thumbnail__link\" href=\"http:\/\/www.abrazivfeed.hu\/hu\/hirek-takarmany\/counselor-of-the-embassy-of-the-kyrgyz-republic-to-hungary-visited-the-headquarters-of-abraziv\/\" tabindex=\"-1\" ><div class=\"elementor-post__thumbnail\"><img loading=\"lazy\" decoding=\"async\" width=\"768\" height=\"512\" src=\"https:\/\/www.abrazivfeed.hu\/wp-content\/uploads\/2023\/07\/1-768x512.jpg\" class=\"attachment-medium_large size-medium_large wp-image-4030\" alt=\"\" srcset=\"https:\/\/www.abrazivfeed.hu\/wp-content\/uploads\/2023\/07\/1-768x512.jpg 768w, https:\/\/www.abrazivfeed.hu\/wp-content\/uploads\/2023\/07\/1-300x200.jpg 300w, https:\/\/www.abrazivfeed.hu\/wp-content\/uploads\/2023\/07\/1-1024x683.jpg 1024w, https:\/\/www.abrazivfeed.hu\/wp-content\/uploads\/2023\/07\/1-1536x1024.jpg 1536w, https:\/\/www.abrazivfeed.hu\/wp-content\/uploads\/2023\/07\/1-18x12.jpg 18w, https:\/\/www.abrazivfeed.hu\/wp-content\/uploads\/2023\/07\/1.jpg 2048w\" sizes=\"(max-width: 768px) 100vw, 768px\" \/><\/div><\/a>\n\t\t\t\t<div class=\"elementor-post__text\">\n\t\t\t\t<h3 class=\"elementor-post__title\">\n\t\t\t<a href=\"http:\/\/www.abrazivfeed.hu\/hu\/hirek-takarmany\/counselor-of-the-embassy-of-the-kyrgyz-republic-to-hungary-visited-the-headquarters-of-abraziv\/\" >\n\t\t\t\tA Kirgiz K\u00f6zt\u00e1rsas\u00e1g magyarorsz\u00e1gi Nagyk\u00f6vets\u00e9g\u00e9nek tan\u00e1csad\u00f3ja l\u00e1togat\u00e1st tett az ABRAZIV Kft-n\u00e9l\t\t\t<\/a>\n\t\t<\/h3>\n\t\t\t\t<div class=\"elementor-post__excerpt\">\n\t\t\t<p>A Kirgiz K\u00f6zt\u00e1rsas\u00e1g magyarorsz\u00e1gi Nagyk\u00f6vets\u00e9g\u00e9nek gazdas\u00e1gi \u00e9s politikai kapcsolatok\u00e9rt felel\u0151s tan\u00e1csad\u00f3ja, ASANBAEV Almazbek Zholchuevich, \u00e1prilis 13-\u00e1n k\u00eds\u00e9ret\u00e9vel l\u00e1togat\u00e1st tett az ABRAZIV Kft. sz\u00e9khely\u00e9n...<\/p>\n\t\t<\/div>\n\t\t\n\t\t<a class=\"elementor-post__read-more\" href=\"http:\/\/www.abrazivfeed.hu\/hu\/hirek-takarmany\/counselor-of-the-embassy-of-the-kyrgyz-republic-to-hungary-visited-the-headquarters-of-abraziv\/\" aria-label=\"Read more about Counselor of the Embassy of the Kyrgyz Republic to Hungary visited the headquarters of ABRAZIV\" tabindex=\"-1\" >\n\t\t\tTov\u00e1bbi r\u00e9szletek \u00bb\t\t<\/a>\n\n\t\t\t\t<\/div>\n\t\t\t\t\t<\/div>\n\t\t<\/article>\n\t\t\t\t<article class=\"elementor-post elementor-grid-item post-2859 post type-post status-publish format-standard has-post-thumbnail hentry category-news-feed\">\n\t\t\t<div class=\"elementor-post__card\">\n\t\t\t\t<a class=\"elementor-post__thumbnail__link\" href=\"http:\/\/www.abrazivfeed.hu\/hu\/hirek-takarmany\/new-factory-hall-at-abraziv\/\" tabindex=\"-1\" ><div class=\"elementor-post__thumbnail\"><img loading=\"lazy\" decoding=\"async\" width=\"768\" height=\"512\" src=\"https:\/\/www.abrazivfeed.hu\/wp-content\/uploads\/2023\/02\/6-web-768x512.jpg\" class=\"attachment-medium_large size-medium_large wp-image-2861\" alt=\"\" srcset=\"https:\/\/www.abrazivfeed.hu\/wp-content\/uploads\/2023\/02\/6-web-768x512.jpg 768w, https:\/\/www.abrazivfeed.hu\/wp-content\/uploads\/2023\/02\/6-web-300x200.jpg 300w, https:\/\/www.abrazivfeed.hu\/wp-content\/uploads\/2023\/02\/6-web-1024x683.jpg 1024w, https:\/\/www.abrazivfeed.hu\/wp-content\/uploads\/2023\/02\/6-web-1536x1024.jpg 1536w, https:\/\/www.abrazivfeed.hu\/wp-content\/uploads\/2023\/02\/6-web-18x12.jpg 18w, https:\/\/www.abrazivfeed.hu\/wp-content\/uploads\/2023\/02\/6-web.jpg 1600w\" sizes=\"(max-width: 768px) 100vw, 768px\" \/><\/div><\/a>\n\t\t\t\t<div class=\"elementor-post__text\">\n\t\t\t\t<h3 class=\"elementor-post__title\">\n\t\t\t<a href=\"http:\/\/www.abrazivfeed.hu\/hu\/hirek-takarmany\/new-factory-hall-at-abraziv\/\" >\n\t\t\t\t\u00daj gy\u00e1rt\u00f3\u00fczemmel b\u0151v\u00fcl az Abraziv Kft.\t\t\t<\/a>\n\t\t<\/h3>\n\t\t\t\t<div class=\"elementor-post__excerpt\">\n\t\t\t<p>2023. janu\u00e1r 30-\u00e1n \u00fcnnep\u00e9lyes keretek k\u00f6z\u00f6tt sor ker\u00fclt v\u00e1llalatunk \u00faj \u00fczemcsarnok\u00e1nak alapk\u0151let\u00e9tel\u00e9re Kecskem\u00e9ten, Paul Lechler utcai telephely\u00fcnk k\u00f6zvetlen szomsz\u00e9ds\u00e1g\u00e1ban. <\/p>\n\t\t<\/div>\n\t\t\n\t\t<a class=\"elementor-post__read-more\" href=\"http:\/\/www.abrazivfeed.hu\/hu\/hirek-takarmany\/new-factory-hall-at-abraziv\/\" aria-label=\"Read more about A new factory hall is built at Abraziv\" tabindex=\"-1\" >\n\t\t\tTov\u00e1bbi r\u00e9szletek \u00bb\t\t<\/a>\n\n\t\t\t\t<\/div>\n\t\t\t\t\t<\/div>\n\t\t<\/article>\n\t\t\t\t<article class=\"elementor-post elementor-grid-item post-2765 post type-post status-publish format-standard has-post-thumbnail hentry category-news-feed\">\n\t\t\t<div class=\"elementor-post__card\">\n\t\t\t\t<a class=\"elementor-post__thumbnail__link\" href=\"http:\/\/www.abrazivfeed.hu\/hu\/hirek-takarmany\/feed-manufacturing-conference-training\/\" tabindex=\"-1\" ><div class=\"elementor-post__thumbnail\"><img loading=\"lazy\" decoding=\"async\" width=\"768\" height=\"511\" src=\"https:\/\/www.abrazivfeed.hu\/wp-content\/uploads\/2022\/11\/UBM_BSS-8776-768x511.jpg\" class=\"attachment-medium_large size-medium_large wp-image-2770\" alt=\"\" srcset=\"https:\/\/www.abrazivfeed.hu\/wp-content\/uploads\/2022\/11\/UBM_BSS-8776-768x511.jpg 768w, https:\/\/www.abrazivfeed.hu\/wp-content\/uploads\/2022\/11\/UBM_BSS-8776-300x200.jpg 300w, https:\/\/www.abrazivfeed.hu\/wp-content\/uploads\/2022\/11\/UBM_BSS-8776-1024x682.jpg 1024w, https:\/\/www.abrazivfeed.hu\/wp-content\/uploads\/2022\/11\/UBM_BSS-8776-1536x1022.jpg 1536w, https:\/\/www.abrazivfeed.hu\/wp-content\/uploads\/2022\/11\/UBM_BSS-8776-18x12.jpg 18w, https:\/\/www.abrazivfeed.hu\/wp-content\/uploads\/2022\/11\/UBM_BSS-8776.jpg 2048w\" sizes=\"(max-width: 768px) 100vw, 768px\" \/><\/div><\/a>\n\t\t\t\t<div class=\"elementor-post__text\">\n\t\t\t\t<h3 class=\"elementor-post__title\">\n\t\t\t<a href=\"http:\/\/www.abrazivfeed.hu\/hu\/hirek-takarmany\/feed-manufacturing-conference-training\/\" >\n\t\t\t\tTudom\u00e1nyos konferencia a j\u00f6v\u0151 takarm\u00e1nyoz\u00e1s\u00e1\u00e9rt\t\t\t<\/a>\n\t\t<\/h3>\n\t\t\t\t<div class=\"elementor-post__excerpt\">\n\t\t\t<p>A m\u00falt h\u00e9t folyam\u00e1n 3 napos, nemzetk\u00f6zi \u00e1llattakarm\u00e1nyoz\u00e1si \u00e9s takarm\u00e1nygy\u00e1rt\u00e1si szakkonferencia \u00e9s tr\u00e9ning ker\u00fclt megrendez\u00e9sre Kolozsv\u00e1ron, Rom\u00e1ni\u00e1ban.<br \/>\nAz esem\u00e9ny c\u00e9lja az volt, hogy \u00f6sszehozza a piaci szegmens azon szerepl\u0151it, akik \u00e9len j\u00e1rnak...<\/p>\n\t\t<\/div>\n\t\t\n\t\t<a class=\"elementor-post__read-more\" href=\"http:\/\/www.abrazivfeed.hu\/hu\/hirek-takarmany\/feed-manufacturing-conference-training\/\" aria-label=\"Read more about Feed Manufacturing Conference &#038; Training for the future of the feed industry\" tabindex=\"-1\" >\n\t\t\tTov\u00e1bbi r\u00e9szletek \u00bb\t\t<\/a>\n\n\t\t\t\t<\/div>\n\t\t\t\t\t<\/div>\n\t\t<\/article>\n\t\t\t\t<article class=\"elementor-post elementor-grid-item post-2701 post type-post status-publish format-standard has-post-thumbnail hentry category-news-feed\">\n\t\t\t<div class=\"elementor-post__card\">\n\t\t\t\t<a class=\"elementor-post__thumbnail__link\" href=\"http:\/\/www.abrazivfeed.hu\/hu\/hirek-takarmany\/abraziv-ltd-in-the-hungarian-multi-program\/\" tabindex=\"-1\" ><div class=\"elementor-post__thumbnail\"><img loading=\"lazy\" decoding=\"async\" width=\"768\" height=\"563\" src=\"https:\/\/www.abrazivfeed.hu\/wp-content\/uploads\/2022\/10\/Zsolt_oklevelatadas_MTI_foto_Kovacs_Tamas_kepfelirattal-768x563.jpg\" class=\"attachment-medium_large size-medium_large wp-image-2704\" alt=\"\" srcset=\"https:\/\/www.abrazivfeed.hu\/wp-content\/uploads\/2022\/10\/Zsolt_oklevelatadas_MTI_foto_Kovacs_Tamas_kepfelirattal-768x563.jpg 768w, https:\/\/www.abrazivfeed.hu\/wp-content\/uploads\/2022\/10\/Zsolt_oklevelatadas_MTI_foto_Kovacs_Tamas_kepfelirattal-300x220.jpg 300w, https:\/\/www.abrazivfeed.hu\/wp-content\/uploads\/2022\/10\/Zsolt_oklevelatadas_MTI_foto_Kovacs_Tamas_kepfelirattal-1024x751.jpg 1024w, https:\/\/www.abrazivfeed.hu\/wp-content\/uploads\/2022\/10\/Zsolt_oklevelatadas_MTI_foto_Kovacs_Tamas_kepfelirattal-1536x1127.jpg 1536w, https:\/\/www.abrazivfeed.hu\/wp-content\/uploads\/2022\/10\/Zsolt_oklevelatadas_MTI_foto_Kovacs_Tamas_kepfelirattal-2048x1503.jpg 2048w, https:\/\/www.abrazivfeed.hu\/wp-content\/uploads\/2022\/10\/Zsolt_oklevelatadas_MTI_foto_Kovacs_Tamas_kepfelirattal-16x12.jpg 16w\" sizes=\"(max-width: 768px) 100vw, 768px\" \/><\/div><\/a>\n\t\t\t\t<div class=\"elementor-post__text\">\n\t\t\t\t<h3 class=\"elementor-post__title\">\n\t\t\t<a href=\"http:\/\/www.abrazivfeed.hu\/hu\/hirek-takarmany\/abraziv-ltd-in-the-hungarian-multi-program\/\" >\n\t\t\t\tAbraziv Kft. a Magyar Multi Programban\t\t\t<\/a>\n\t\t<\/h3>\n\t\t\t\t<div class=\"elementor-post__excerpt\">\n\t\t\t<p>A Magyar Multi Program 2022 okt\u00f3beri oklev\u00e9l\u00e1tad\u00f3 \u00fcnneps\u00e9g\u00e9n Gy\u00f6rgy L\u00e1szl\u00f3, a Kultur\u00e1lis \u00e9s Innov\u00e1ci\u00f3s Miniszt\u00e9rium innov\u00e1ci\u00f3\u00e9rt \u00e9s fels\u0151oktat\u00e1s\u00e9rt felel\u0151s \u00e1llamtitk\u00e1ra oklev\u00e9lben r\u00e9szes\u00edtette az Abraziv Kft.-t, melyet Tur\u00e1k Zsolt \u00dcgyvezet\u0151 helyettes vett \u00e1t.<\/p>\n\t\t<\/div>\n\t\t\n\t\t<a class=\"elementor-post__read-more\" href=\"http:\/\/www.abrazivfeed.hu\/hu\/hirek-takarmany\/abraziv-ltd-in-the-hungarian-multi-program\/\" aria-label=\"Read more about Abraziv Ltd. in the Hungarian Multi-Program\" tabindex=\"-1\" >\n\t\t\tTov\u00e1bbi r\u00e9szletek \u00bb\t\t<\/a>\n\n\t\t\t\t<\/div>\n\t\t\t\t\t<\/div>\n\t\t<\/article>\n\t\t\t\t<article class=\"elementor-post elementor-grid-item post-1974 post type-post status-publish format-standard has-post-thumbnail hentry category-news-feed\">\n\t\t\t<div class=\"elementor-post__card\">\n\t\t\t\t<a class=\"elementor-post__thumbnail__link\" href=\"http:\/\/www.abrazivfeed.hu\/hu\/hirek-takarmany\/hot-news-from-abraziv-july\/\" tabindex=\"-1\" ><div class=\"elementor-post__thumbnail\"><img loading=\"lazy\" decoding=\"async\" width=\"768\" height=\"513\" src=\"https:\/\/www.abrazivfeed.hu\/wp-content\/uploads\/2022\/09\/DSC00701_2-768x513.jpg\" class=\"attachment-medium_large size-medium_large wp-image-2128\" alt=\"\" srcset=\"https:\/\/www.abrazivfeed.hu\/wp-content\/uploads\/2022\/09\/DSC00701_2-768x513.jpg 768w, https:\/\/www.abrazivfeed.hu\/wp-content\/uploads\/2022\/09\/DSC00701_2-300x200.jpg 300w, https:\/\/www.abrazivfeed.hu\/wp-content\/uploads\/2022\/09\/DSC00701_2-1024x684.jpg 1024w, https:\/\/www.abrazivfeed.hu\/wp-content\/uploads\/2022\/09\/DSC00701_2-1536x1026.jpg 1536w, https:\/\/www.abrazivfeed.hu\/wp-content\/uploads\/2022\/09\/DSC00701_2-2048x1368.jpg 2048w, https:\/\/www.abrazivfeed.hu\/wp-content\/uploads\/2022\/09\/DSC00701_2-18x12.jpg 18w\" sizes=\"(max-width: 768px) 100vw, 768px\" \/><\/div><\/a>\n\t\t\t\t<div class=\"elementor-post__text\">\n\t\t\t\t<h3 class=\"elementor-post__title\">\n\t\t\t<a href=\"http:\/\/www.abrazivfeed.hu\/hu\/hirek-takarmany\/hot-news-from-abraziv-july\/\" >\n\t\t\t\tM\u00e9rf\u00f6ldk\u0151h\u00f6z \u00e9rkezett a Vitafort takarm\u00e1nygy\u00e1r\u00e1nak \u00e9p\u00edtkez\u00e9se\t\t\t<\/a>\n\t\t<\/h3>\n\t\t\t\t<div class=\"elementor-post__excerpt\">\n\t\t\t<p>M\u00e9rf\u00f6ldk\u0151h\u00f6z \u00e9rkezett a dabasi Vitafort Zrt. takarm\u00e1nygy\u00e1r\u00e1nak \u00e9p\u00edtkez\u00e9se, melynek kivitelez\u00e9si szakasz\u00e1t 2021-ben kezdte meg az Abraziv Kft., hosszas \u00e9s gondos tervez\u0151munk\u00e1t k\u00f6vet\u0151en.<\/p>\n\t\t<\/div>\n\t\t\n\t\t<a class=\"elementor-post__read-more\" href=\"http:\/\/www.abrazivfeed.hu\/hu\/hirek-takarmany\/hot-news-from-abraziv-july\/\" aria-label=\"Read more about Milestone in the construction of Vitafort feed plant\" tabindex=\"-1\" >\n\t\t\tTov\u00e1bbi r\u00e9szletek \u00bb\t\t<\/a>\n\n\t\t\t\t<\/div>\n\t\t\t\t\t<\/div>\n\t\t<\/article>\n\t\t\t\t<article class=\"elementor-post elementor-grid-item post-1972 post type-post status-publish format-standard has-post-thumbnail hentry category-news-feed\">\n\t\t\t<div class=\"elementor-post__card\">\n\t\t\t\t<a class=\"elementor-post__thumbnail__link\" href=\"http:\/\/www.abrazivfeed.hu\/hu\/hirek-takarmany\/minister-of-agriculture-visited-us\/\" tabindex=\"-1\" ><div class=\"elementor-post__thumbnail\"><img loading=\"lazy\" decoding=\"async\" width=\"768\" height=\"512\" src=\"https:\/\/www.abrazivfeed.hu\/wp-content\/uploads\/2022\/06\/1-768x512.jpg\" class=\"attachment-medium_large size-medium_large wp-image-2028\" alt=\"\" srcset=\"https:\/\/www.abrazivfeed.hu\/wp-content\/uploads\/2022\/06\/1-768x512.jpg 768w, https:\/\/www.abrazivfeed.hu\/wp-content\/uploads\/2022\/06\/1-300x200.jpg 300w, https:\/\/www.abrazivfeed.hu\/wp-content\/uploads\/2022\/06\/1-1024x683.jpg 1024w, https:\/\/www.abrazivfeed.hu\/wp-content\/uploads\/2022\/06\/1-1536x1024.jpg 1536w, https:\/\/www.abrazivfeed.hu\/wp-content\/uploads\/2022\/06\/1-2048x1365.jpg 2048w, https:\/\/www.abrazivfeed.hu\/wp-content\/uploads\/2022\/06\/1-18x12.jpg 18w\" sizes=\"(max-width: 768px) 100vw, 768px\" \/><\/div><\/a>\n\t\t\t\t<div class=\"elementor-post__text\">\n\t\t\t\t<h3 class=\"elementor-post__title\">\n\t\t\t<a href=\"http:\/\/www.abrazivfeed.hu\/hu\/hirek-takarmany\/minister-of-agriculture-visited-us\/\" >\n\t\t\t\tAz Agr\u00e1rminiszter l\u00e1togat\u00e1st tett n\u00e1lunk, az Abraziv Kft. sz\u00e9khely\u00e9n\t\t\t<\/a>\n\t\t<\/h3>\n\t\t\t\t<div class=\"elementor-post__excerpt\">\n\t\t\t<p>Nemr\u00e9giben abban a megtiszteltet\u00e9sben volt r\u00e9sz\u00fcnk, hogy Dr. Nagy Istv\u00e1n, Magyarorsz\u00e1g agr\u00e1rminisztere szem\u00e9lyesen l\u00e1togatott el hozz\u00e1nk, az Abraziv Kft. kecskem\u00e9ti sz\u00e9khely\u00e9re.<\/p>\n\t\t<\/div>\n\t\t\n\t\t<a class=\"elementor-post__read-more\" href=\"http:\/\/www.abrazivfeed.hu\/hu\/hirek-takarmany\/minister-of-agriculture-visited-us\/\" aria-label=\"Read more about Minister of Agriculture visited the headquarter of Abraziv Kft.\" tabindex=\"-1\" >\n\t\t\tTov\u00e1bbi r\u00e9szletek \u00bb\t\t<\/a>\n\n\t\t\t\t<\/div>\n\t\t\t\t\t<\/div>\n\t\t<\/article>\n\t\t\t\t<article class=\"elementor-post elementor-grid-item post-1970 post type-post status-publish format-standard has-post-thumbnail hentry category-news-feed\">\n\t\t\t<div class=\"elementor-post__card\">\n\t\t\t\t<a class=\"elementor-post__thumbnail__link\" href=\"http:\/\/www.abrazivfeed.hu\/hu\/hirek-takarmany\/victam-international-2022\/\" tabindex=\"-1\" ><div class=\"elementor-post__thumbnail\"><img loading=\"lazy\" decoding=\"async\" width=\"768\" height=\"768\" src=\"https:\/\/www.abrazivfeed.hu\/wp-content\/uploads\/2022\/06\/victam3-768x768.jpg\" class=\"attachment-medium_large size-medium_large wp-image-2018\" alt=\"\" srcset=\"https:\/\/www.abrazivfeed.hu\/wp-content\/uploads\/2022\/06\/victam3-768x768.jpg 768w, https:\/\/www.abrazivfeed.hu\/wp-content\/uploads\/2022\/06\/victam3-300x300.jpg 300w, https:\/\/www.abrazivfeed.hu\/wp-content\/uploads\/2022\/06\/victam3-1024x1024.jpg 1024w, https:\/\/www.abrazivfeed.hu\/wp-content\/uploads\/2022\/06\/victam3-150x150.jpg 150w, https:\/\/www.abrazivfeed.hu\/wp-content\/uploads\/2022\/06\/victam3-1536x1536.jpg 1536w, https:\/\/www.abrazivfeed.hu\/wp-content\/uploads\/2022\/06\/victam3-2048x2048.jpg 2048w, https:\/\/www.abrazivfeed.hu\/wp-content\/uploads\/2022\/06\/victam3-12x12.jpg 12w\" sizes=\"(max-width: 768px) 100vw, 768px\" \/><\/div><\/a>\n\t\t\t\t<div class=\"elementor-post__text\">\n\t\t\t\t<h3 class=\"elementor-post__title\">\n\t\t\t<a href=\"http:\/\/www.abrazivfeed.hu\/hu\/hirek-takarmany\/victam-international-2022\/\" >\n\t\t\t\tR\u00e9szt vett\u00fcnk a Victam International takarm\u00e1nyipari szakki\u00e1ll\u00edt\u00e1son Hollandi\u00e1ban\t\t\t<\/a>\n\t\t<\/h3>\n\t\t\t\t<div class=\"elementor-post__excerpt\">\n\t\t\t<p>A VICTAM International a vil\u00e1g legnagyobb, kifejezetten \u00e1llati takarm\u00e1nyt feldolgoz\u00f3 ipar\u00e1gainak sz\u00f3l\u00f3 rendezv\u00e9ny.  Rendszerint csatlakozik hozz\u00e1 a GRAPAS Europe, a gabona-,<\/p>\n\t\t<\/div>\n\t\t\n\t\t<a class=\"elementor-post__read-more\" href=\"http:\/\/www.abrazivfeed.hu\/hu\/hirek-takarmany\/victam-international-2022\/\" aria-label=\"Read more about We took part in the Victam International feed industry exhibition in the Netherlands\" tabindex=\"-1\" >\n\t\t\tTov\u00e1bbi r\u00e9szletek \u00bb\t\t<\/a>\n\n\t\t\t\t<\/div>\n\t\t\t\t\t<\/div>\n\t\t<\/article>\n\t\t\t\t<\/div>\n\t\t\n\t\t\t\t<\/div>\n\t\t\t\t<\/div>\n\t\t\t\t\t<\/div>\n\t\t<\/div>\n\t\t\t\t\t<\/div>\n\t\t<\/section>\n\t\t\t\t<\/div>","protected":false},"excerpt":{"rendered":"<p>News Latest News<\/p>","protected":false},"author":1,"featured_media":0,"parent":0,"menu_order":0,"comment_status":"closed","ping_status":"closed","template":"elementor_header_footer","meta":{"footnotes":""},"_links":{"self":[{"href":"http:\/\/www.abrazivfeed.hu\/hu\/wp-json\/wp\/v2\/pages\/1990"}],"collection":[{"href":"http:\/\/www.abrazivfeed.hu\/hu\/wp-json\/wp\/v2\/pages"}],"about":[{"href":"http:\/\/www.abrazivfeed.hu\/hu\/wp-json\/wp\/v2\/types\/page"}],"author":[{"embeddable":true,"href":"http:\/\/www.abrazivfeed.hu\/hu\/wp-json\/wp\/v2\/users\/1"}],"replies":[{"embeddable":true,"href":"http:\/\/www.abrazivfeed.hu\/hu\/wp-json\/wp\/v2\/comments?post=1990"}],"version-history":[{"count":6,"href":"http:\/\/www.abrazivfeed.hu\/hu\/wp-json\/wp\/v2\/pages\/1990\/revisions"}],"predecessor-version":[{"id":2011,"href":"http:\/\/www.abrazivfeed.hu\/hu\/wp-json\/wp\/v2\/pages\/1990\/revisions\/2011"}],"wp:attachment":[{"href":"http:\/\/www.abrazivfeed.hu\/hu\/wp-json\/wp\/v2\/media?parent=1990"}],"curies":[{"name":"wp","href":"https:\/\/api.w.org\/{rel}","templated":true}]}}